{"id":113,"date":"2021-10-18T14:56:28","date_gmt":"2021-10-18T12:56:28","guid":{"rendered":"https:\/\/uranusacum.ro\/?page_id=113"},"modified":"2022-02-22T16:30:56","modified_gmt":"2022-02-22T14:30:56","slug":"locuri-ale-memoriei","status":"publish","type":"page","link":"https:\/\/uranusacum.ro\/en\/locuri-ale-memoriei\/","title":{"rendered":"Locuri ale memoriei"},"content":{"rendered":"<div class=\"wp-block-group\"><div class=\"wp-block-group__inner-container is-layout-flow wp-block-group-is-layout-flow\">\n<div class=\"wp-block-columns is-layout-flex wp-container-core-columns-is-layout-3 wp-block-columns-is-layout-flex\">\n<div class=\"wp-block-column is-layout-flow wp-block-column-is-layout-flow\" style=\"flex-basis:100%\">\n<div class=\"wp-block-columns alignfull is-layout-flex wp-container-core-columns-is-layout-2 wp-block-columns-is-layout-flex\">\n<div class=\"wp-block-column is-vertically-aligned-top is-layout-flow wp-block-column-is-layout-flow\" style=\"flex-basis:33.33%\">\n<div class=\"wp-block-cover alignright is-light wp-duotone-000000-ffffff-1\"><span aria-hidden=\"true\" class=\"wp-block-cover__gradient-background has-background-dim\"><\/span><img loading=\"lazy\" decoding=\"async\" width=\"4000\" height=\"2667\" class=\"wp-block-cover__image-background wp-image-219\" alt=\"\" src=\"https:\/\/uranusacum.ro\/wp-content\/uploads\/2021\/10\/01_A_ZAh-1978-arhivele-statului-2.jpg\" data-object-fit=\"cover\"\/><div class=\"wp-block-cover__inner-container is-layout-flow wp-block-cover-is-layout-flow\">\n<p class=\"has-large-font-size\"><\/p>\n<\/div><\/div>\n<\/div>\n\n\n\n<div class=\"wp-block-column is-vertically-aligned-center is-layout-flow wp-block-column-is-layout-flow\" style=\"flex-basis:66.66%\">\n<h3 class=\"wp-block-heading\" id=\"manastirea-mihai-voda\">M\u00e2n\u0103stirea Mihai Vod\u0103<\/h3>\n\n\n\n<p class=\"has-text-align-left\"><meta charset=\"utf-8\">Unul din cele mai pre\u021bioase locuri din Bucure\u0219ti se afla acolo unde este ast<meta charset=\"utf-8\">\u0103zi parcul Izvor, \u00een v\u00e2rful unei coline. Dealul Spirii pe care se afla m\u0103n\u0103stirea fortificata \u00eenconjurat<meta charset=\"utf-8\">\u0103 de Arhivele Statului a fost demolat pentru a face loc noului centru civic, azi zona Palatului Parlamentului.<\/p>\n\n\n\n<div class=\"wp-block-buttons is-layout-flex wp-block-buttons-is-layout-flex\">\n<div class=\"wp-block-button\"><a class=\"wp-block-button__link\" href=\"https:\/\/uranusacum.ro\/en\/manastirea-mihai-voda\/\">Read more<\/a><\/div>\n<\/div>\n\n\n\n<div class=\"wp-block-columns is-layout-flex wp-container-core-columns-is-layout-1 wp-block-columns-is-layout-flex\">\n<div class=\"wp-block-column is-layout-flow wp-block-column-is-layout-flow\"><\/div>\n<\/div>\n<\/div>\n<\/div>\n<\/div>\n<\/div>\n<\/div><\/div>\n\n\n\n<div class=\"wp-block-columns is-layout-flex wp-container-core-columns-is-layout-4 wp-block-columns-is-layout-flex\">\n<div class=\"wp-block-column is-layout-flow wp-block-column-is-layout-flow\" style=\"flex-basis:33.33%\">\n<div class=\"wp-block-cover is-light\"><span aria-hidden=\"true\" class=\"wp-block-cover__gradient-background has-background-dim\"><\/span><img loading=\"lazy\" decoding=\"async\" width=\"1600\" height=\"1017\" class=\"wp-block-cover__image-background wp-image-208\" alt=\"\" src=\"https:\/\/uranusacum.ro\/wp-content\/uploads\/2021\/10\/01_dd01_04.jpg\" data-object-fit=\"cover\"\/><div class=\"wp-block-cover__inner-container is-layout-flow wp-block-cover-is-layout-flow\">\n<p class=\"has-large-font-size\"><\/p>\n<\/div><\/div>\n<\/div>\n\n\n\n<div class=\"wp-block-column is-layout-flow wp-block-column-is-layout-flow\" style=\"flex-basis:66.66%\">\n<h3 class=\"wp-block-heading\" id=\"strada-ecoului-nr-50\">Strada Ecoului nr. 50<\/h3>\n\n\n\n<p>Prin curtea de azi a Academiei, la calea 13 Septembrie, trecea una dintre cele mai frumoase str\u0103zi din Bucure\u0219ti. A c\u0103zut prad\u0103 \u00een anii \u201880, \u00eempreun\u0103 cu \u00eentreaga zon\u0103, proiectului urban totalitar al lui Nicolae Ceau\u0219escu.<\/p>\n\n\n\n<div class=\"wp-block-buttons is-layout-flex wp-block-buttons-is-layout-flex\">\n<div class=\"wp-block-button\"><a class=\"wp-block-button__link\" href=\"https:\/\/uranusacum.ro\/en\/strada-ecoului-nr-50\/\">Read more<\/a><\/div>\n<\/div>\n<\/div>\n<\/div>\n\n\n\n<div class=\"wp-block-columns is-layout-flex wp-container-core-columns-is-layout-5 wp-block-columns-is-layout-flex\">\n<div class=\"wp-block-column is-layout-flow wp-block-column-is-layout-flow\" style=\"flex-basis:33.33%\">\n<div class=\"wp-block-cover\"><span aria-hidden=\"true\" class=\"wp-block-cover__gradient-background has-background-dim\"><\/span><img loading=\"lazy\" decoding=\"async\" width=\"1000\" height=\"1492\" class=\"wp-block-cover__image-background wp-image-302\" alt=\"\" src=\"https:\/\/uranusacum.ro\/wp-content\/uploads\/2022\/02\/SM-1981-Serban-Hasnas.jpg\" data-object-fit=\"cover\"\/><div class=\"wp-block-cover__inner-container is-layout-flow wp-block-cover-is-layout-flow\">\n<p class=\"has-large-font-size\"><\/p>\n<\/div><\/div>\n<\/div>\n\n\n\n<div class=\"wp-block-column is-layout-flow wp-block-column-is-layout-flow\" style=\"flex-basis:66.66%\">\n<h3 class=\"wp-block-heading\" id=\"schitul-maicilor-biserica-buna-vestire\">Schitul Maicilor Biserica Buna Vestire<\/h3>\n\n\n\n<p>Emanuel T\u00e2njal<meta charset=\"utf-8\">\u0103:<em>&nbsp;\u201c&#8230; Era superb! \u00cenchipuie-ti, \u0219i nu exagerez, c\u0103 era ca un cartier de tain\u0103.\u201d<\/em><\/p>\n\n\n\n<div class=\"wp-block-buttons is-layout-flex wp-block-buttons-is-layout-flex\">\n<div class=\"wp-block-button\"><a class=\"wp-block-button__link\" href=\"https:\/\/uranusacum.ro\/en\/schitul-maicilor-biserica-buna-vestire\/\">Read more<\/a><\/div>\n<\/div>\n<\/div>\n<\/div>\n\n\n\n<div class=\"wp-block-columns is-layout-flex wp-container-core-columns-is-layout-6 wp-block-columns-is-layout-flex\">\n<div class=\"wp-block-column is-layout-flow wp-block-column-is-layout-flow\" style=\"flex-basis:33.33%\">\n<div class=\"wp-block-cover is-light\"><span aria-hidden=\"true\" class=\"wp-block-cover__gradient-background has-background-dim\"><\/span><img loading=\"lazy\" decoding=\"async\" width=\"949\" height=\"1200\" class=\"wp-block-cover__image-background wp-image-317\" alt=\"\" src=\"https:\/\/uranusacum.ro\/wp-content\/uploads\/2022\/02\/Spirea-Veche-INP.jpeg\" data-object-fit=\"cover\"\/><div class=\"wp-block-cover__inner-container is-layout-flow wp-block-cover-is-layout-flow\">\n<p class=\"has-large-font-size\"><\/p>\n<\/div><\/div>\n<\/div>\n\n\n\n<div class=\"wp-block-column is-layout-flow wp-block-column-is-layout-flow\" style=\"flex-basis:66.66%\">\n<h3 class=\"wp-block-heading\" id=\"biserica-spirea-veche-str-uranus-27\"><a href=\"https:\/\/uranusacum.ro\/en\/biserica-spirea-veche-str-uranus-27\/\">Biserica Spirea Veche, Str. Uranus 27<\/a><\/h3>\n\n\n\n<p>Pentru ca nu a putut fi d<meta charset=\"utf-8\"><meta charset=\"utf-8\">\u0103r\u00e2mat<meta charset=\"utf-8\">\u0103 cu buldozere, Spirea Veche a fost dinamitat<meta charset=\"utf-8\">\u0103 succesiv \u00eencep\u00e2nd cu noaptea de 27 aprilie 1984. Au putut fi salvate din ea doar c\u00e2teva vitralii, str\u0103nile \u015fi icoana de hram.<\/p>\n\n\n\n<div class=\"wp-block-buttons is-layout-flex wp-block-buttons-is-layout-flex\">\n<div class=\"wp-block-button\"><a class=\"wp-block-button__link\" href=\"https:\/\/uranusacum.ro\/en\/biserica-spirea-veche-str-uranus-27\/\">Read more<\/a><\/div>\n<\/div>\n<\/div>\n<\/div>\n\n\n\n<div class=\"wp-block-columns is-layout-flex wp-container-core-columns-is-layout-7 wp-block-columns-is-layout-flex\">\n<div class=\"wp-block-column is-layout-flow wp-block-column-is-layout-flow\" style=\"flex-basis:33.33%\">\n<div class=\"wp-block-cover is-light\"><span aria-hidden=\"true\" class=\"wp-block-cover__gradient-background has-background-dim\"><\/span><img loading=\"lazy\" decoding=\"async\" width=\"1805\" height=\"2384\" class=\"wp-block-cover__image-background wp-image-433\" alt=\"\" src=\"https:\/\/uranusacum.ro\/wp-content\/uploads\/2022\/02\/Crenguta_Rosu18_iunie-1976.jpg\" data-object-fit=\"cover\"\/><div class=\"wp-block-cover__inner-container is-layout-flow wp-block-cover-is-layout-flow\">\n<p class=\"has-large-font-size\"><\/p>\n<\/div><\/div>\n<\/div>\n\n\n\n<div class=\"wp-block-column is-layout-flow wp-block-column-is-layout-flow\" style=\"flex-basis:66.66%\">\n<h3 class=\"wp-block-heading\" id=\"biserica-spirea-veche-str-uranus-27\"><a href=\"https:\/\/uranusacum.ro\/en\/mihai-voda-55-casa-crengutei\/\" data-type=\"URL\" data-id=\"https:\/\/uranusacum.ro\/mihai-voda-55-casa-crengutei\/\">Mihai Vod\u0103 55. Casa Crengu\u021bei<\/a><\/h3>\n\n\n\n<p>Pe strada Mihai Vod\u0103 la nr. 55 afla o cl\u0103dire simetric\u0103, armonioas\u0103, \u00een stil eclectic \u0219i cu vizibile influen\u021be Art Nouveau. Era \u00eemprejmuit\u0103 de o curte \u00eengust\u0103 care urma amprenta casei \u2013 suficient\u0103 c\u00e2t s\u0103 acomodeze ma\u0219inile, un dud \u0219i jocurile copil\u0103riei.<\/p>\n\n\n\n<div class=\"wp-block-buttons is-layout-flex wp-block-buttons-is-layout-flex\">\n<div class=\"wp-block-button\"><a class=\"wp-block-button__link\" href=\"https:\/\/uranusacum.ro\/en\/mihai-voda-55-casa-crengutei\/\">Read more<\/a><\/div>\n<\/div>\n<\/div>\n<\/div>\n\n\n\n<div class=\"wp-block-columns is-layout-flex wp-container-core-columns-is-layout-8 wp-block-columns-is-layout-flex\">\n<div class=\"wp-block-column is-layout-flow wp-block-column-is-layout-flow\" style=\"flex-basis:33.33%\">\n<div class=\"wp-block-cover is-light\"><span aria-hidden=\"true\" class=\"wp-block-cover__gradient-background has-background-dim\"><\/span><img loading=\"lazy\" decoding=\"async\" width=\"1944\" height=\"1260\" class=\"wp-block-cover__image-background wp-image-443\" alt=\"Studiourile buftea\" src=\"https:\/\/uranusacum.ro\/wp-content\/uploads\/2022\/02\/59350542_449294002489853_3057591903831719936_n.jpg\" data-object-fit=\"cover\"\/><div class=\"wp-block-cover__inner-container is-layout-flow wp-block-cover-is-layout-flow\">\n<p class=\"has-large-font-size\"><\/p>\n<\/div><\/div>\n<\/div>\n\n\n\n<div class=\"wp-block-column is-layout-flow wp-block-column-is-layout-flow\" style=\"flex-basis:66.66%\">\n<h3 class=\"wp-block-heading\" id=\"biserica-spirea-veche-str-uranus-27\"><a href=\"https:\/\/uranusacum.ro\/en\/casa-croitoresei-bobes-fonteriei-nr-2-x-putu-cu-apa-rece\/\" data-type=\"URL\" data-id=\"https:\/\/uranusacum.ro\/casa-croitoresei-bobes-fonteriei-nr-2-x-putu-cu-apa-rece\/\">Fonteriei x Pu\u0163u` cu Ap\u0103 Rece<\/a><\/h3>\n\n\n\n<p>In fa\u0163a unei case misterioase se afla rondul care a devenit culisa multor film\u0103ri. Aici se \u00eent\u00e2lneau odat\u0103 str\u0103zile Fonteriei, care urca prin st\u00e2nga, pe l\u00e2ng\u0103 statuia Eroilor Pompieri, c\u0103tre Uranus, cu Pu\u0163u` cu Ap\u0103 Rece, care cobora \u00eenspre dreapta \u00een forma de arc.<\/p>\n\n\n\n<div class=\"wp-block-buttons is-layout-flex wp-block-buttons-is-layout-flex\">\n<div class=\"wp-block-button\"><a class=\"wp-block-button__link\" href=\"https:\/\/uranusacum.ro\/en\/casa-croitoresei-bobes-fonteriei-nr-2-x-putu-cu-apa-rece\/\">Read more<\/a><\/div>\n<\/div>\n\n\n\n<div class=\"wp-block-buttons is-layout-flex wp-block-buttons-is-layout-flex\"><\/div>\n<\/div>\n<\/div>\n\n\n\n<div class=\"wp-block-columns is-layout-flex wp-container-core-columns-is-layout-9 wp-block-columns-is-layout-flex\">\n<div class=\"wp-block-column is-layout-flow wp-block-column-is-layout-flow\" style=\"flex-basis:33.33%\">\n<div class=\"wp-block-cover\"><span aria-hidden=\"true\" class=\"wp-block-cover__gradient-background has-background-dim\"><\/span><img loading=\"lazy\" decoding=\"async\" width=\"2000\" height=\"1333\" class=\"wp-block-cover__image-background wp-image-485\" alt=\"\" src=\"https:\/\/uranusacum.ro\/wp-content\/uploads\/2022\/02\/casa-Florescu-REpti.jpeg\" data-object-fit=\"cover\"\/><div class=\"wp-block-cover__inner-container is-layout-flow wp-block-cover-is-layout-flow\">\n<p class=\"has-large-font-size\"><\/p>\n<\/div><\/div>\n<\/div>\n\n\n\n<div class=\"wp-block-column is-layout-flow wp-block-column-is-layout-flow\" style=\"flex-basis:66.66%\">\n<h3 class=\"wp-block-heading\" id=\"biserica-spirea-veche-str-uranus-27\"><a href=\"https:\/\/uranusacum.ro\/en\/mihai-voda-55-casa-crengutei\/\" data-type=\"URL\" data-id=\"https:\/\/uranusacum.ro\/mihai-voda-55-casa-crengutei\/\"><\/a><a href=\"https:\/\/uranusacum.ro\/en\/strada-vanatori-nr-4\ufffc\/\">Casa Grigore Florescu<\/a><\/h3>\n\n\n\n<p>Flore\u015ftii aveau casa pe strada V\u00e2n\u0103tori nr. 4 \u00een fa\u021ba bisericii Sf. Apostoli, care fusese zidit\u0103 de Matei Basarab \u00een 1636. Aici se na\u0219te \u00een 1813 Grigore Florescu, care a fost magistrat la Curtea de apel.<\/p>\n\n\n\n<div class=\"wp-block-buttons is-layout-flex wp-block-buttons-is-layout-flex\">\n<div class=\"wp-block-button\"><a class=\"wp-block-button__link\" href=\"https:\/\/uranusacum.ro\/en\/strada-vanatori-nr-4\/\">Read more<\/a><\/div>\n<\/div>\n<\/div>\n<\/div>\n\n\n\n<div class=\"wp-block-columns is-layout-flex wp-container-core-columns-is-layout-10 wp-block-columns-is-layout-flex\">\n<div class=\"wp-block-column is-layout-flow wp-block-column-is-layout-flow\" style=\"flex-basis:33.33%\">\n<div class=\"wp-block-cover is-light\"><span aria-hidden=\"true\" class=\"wp-block-cover__gradient-background has-background-dim\"><\/span><img loading=\"lazy\" decoding=\"async\" width=\"4316\" height=\"2776\" class=\"wp-block-cover__image-background wp-image-512\" alt=\"\" src=\"https:\/\/uranusacum.ro\/wp-content\/uploads\/2022\/02\/01_A_Andrei-Birsan-047-21.jpg\" data-object-fit=\"cover\"\/><div class=\"wp-block-cover__inner-container is-layout-flow wp-block-cover-is-layout-flow\">\n<p class=\"has-large-font-size\"><\/p>\n<\/div><\/div>\n<\/div>\n\n\n\n<div class=\"wp-block-column is-layout-flow wp-block-column-is-layout-flow\" style=\"flex-basis:66.66%\">\n<h3 class=\"wp-block-heading\" id=\"biserica-spirea-veche-str-uranus-27\"><a href=\"https:\/\/uranusacum.ro\/en\/stadionul-anef-onef-republicii\/\" data-type=\"URL\" data-id=\"https:\/\/uranusacum.ro\/stadionul-anef-onef-republicii\/\">Stadionul ANEF \/ ONEF \/ Republicii<\/a><\/h3>\n\n\n\n<p>Prin poarta de pe strada Izvor se vede un zidul curb \u2013 face parte din elegantul stadionul ANEF. Construit \u00een anii \u201920, acesta a fost transformat \u00een 1930-1933 de poate cel mai important arhitect rom\u00e2n al secolului XX \u2013 Horia Creang\u0103, \u00een colaborare cu inginerul Mihai Gheorghiu.&nbsp;<\/p>\n\n\n\n<div class=\"wp-block-buttons is-layout-flex wp-block-buttons-is-layout-flex\">\n<div class=\"wp-block-button\"><a class=\"wp-block-button__link\" href=\"https:\/\/uranusacum.ro\/en\/stadionul-anef-onef-republicii\/\">Read more<\/a><\/div>\n<\/div>\n<\/div>\n<\/div>\n\n\n\n<div class=\"wp-block-columns is-layout-flex wp-container-core-columns-is-layout-11 wp-block-columns-is-layout-flex\">\n<div class=\"wp-block-column is-layout-flow wp-block-column-is-layout-flow\" style=\"flex-basis:33.33%\">\n<div class=\"wp-block-cover is-light\"><span aria-hidden=\"true\" class=\"wp-block-cover__gradient-background has-background-dim\"><\/span><img loading=\"lazy\" decoding=\"async\" width=\"2000\" height=\"1295\" class=\"wp-block-cover__image-background wp-image-531\" alt=\"\" src=\"https:\/\/uranusacum.ro\/wp-content\/uploads\/2022\/02\/01_20_A_197x_str.-Salvatorului.jpg\" data-object-fit=\"cover\"\/><div class=\"wp-block-cover__inner-container is-layout-flow wp-block-cover-is-layout-flow\">\n<p class=\"has-large-font-size\"><\/p>\n<\/div><\/div>\n<\/div>\n\n\n\n<div class=\"wp-block-column is-layout-flow wp-block-column-is-layout-flow\" style=\"flex-basis:66.66%\">\n<h3 class=\"wp-block-heading\" id=\"biserica-spirea-veche-str-uranus-27\"><a href=\"https:\/\/uranusacum.ro\/en\/fragmente-pastrate-din-strada-salvatorului\/\" data-type=\"URL\" data-id=\"https:\/\/uranusacum.ro\/fragmente-pastrate-din-strada-salvatorului\/\">Fragmente p\u0103strate din Strada Salvatorului&nbsp;<\/a><\/h3>\n\n\n\n<p>O bucat\u0103 de pavaj din piatr\u0103 cubic\u0103 \u0219i un capac de canal; sunt r\u0103m\u0103\u0219i\u021be modeste, dar rare \u0219i cu at\u00e2t mai pre\u021bioase, ale unei lumi disp\u0103rute.&nbsp;&nbsp;&nbsp;<\/p>\n\n\n\n<div class=\"wp-block-buttons is-layout-flex wp-block-buttons-is-layout-flex\">\n<div class=\"wp-block-button\"><a class=\"wp-block-button__link\" href=\"https:\/\/uranusacum.ro\/en\/fragmente-pastrate-din-strada-salvatorului\/\">Read more<\/a><\/div>\n<\/div>\n<\/div>\n<\/div>\n\n\n\n<div class=\"wp-block-columns is-layout-flex wp-container-core-columns-is-layout-12 wp-block-columns-is-layout-flex\">\n<div class=\"wp-block-column is-layout-flow wp-block-column-is-layout-flow\" style=\"flex-basis:33.33%\">\n<div class=\"wp-block-cover is-light\"><span aria-hidden=\"true\" class=\"wp-block-cover__gradient-background has-background-dim\"><\/span><img loading=\"lazy\" decoding=\"async\" width=\"2667\" height=\"4000\" class=\"wp-block-cover__image-background wp-image-537\" alt=\"\" src=\"https:\/\/uranusacum.ro\/wp-content\/uploads\/2022\/02\/01_20180525-IMG_0009_DxO2.jpg\" data-object-fit=\"cover\"\/><div class=\"wp-block-cover__inner-container is-layout-flow wp-block-cover-is-layout-flow\">\n<p class=\"has-large-font-size\"><\/p>\n<\/div><\/div>\n<\/div>\n\n\n\n<div class=\"wp-block-column is-layout-flow wp-block-column-is-layout-flow\" style=\"flex-basis:66.66%\">\n<h3 class=\"wp-block-heading\" id=\"biserica-spirea-veche-str-uranus-27\"><a href=\"https:\/\/uranusacum.ro\/en\/biserica-si-clopotnita-fostei-manastiri-mihai-voda\/\" data-type=\"URL\" data-id=\"https:\/\/uranusacum.ro\/biserica-si-clopotnita-fostei-manastiri-mihai-voda\/\">Biserica \u0219i clopotni\u021ba fostei m\u00e2n\u0103stiri Mihai Vod\u0103<\/a><\/h3>\n\n\n\n<p>Vechea m\u00e2n\u0103stire (ce ad\u0103postea de ceva vreme Arhivele Statului) se afla la c\u00e2teva sute de metri de aici, pe un deal ce domina D\u00e2mbovi\u021ba. At\u00e2t cl\u0103dirile c\u00e2t \u0219i delu\u0219orul au fost rase \u00een cadrul opera\u021biei totalitare din anii \u201980.\u00a0<\/p>\n\n\n\n<div class=\"wp-block-buttons is-layout-flex wp-block-buttons-is-layout-flex\">\n<div class=\"wp-block-button\"><a class=\"wp-block-button__link\" href=\"https:\/\/uranusacum.ro\/en\/biserica-si-clopotnita-fostei-manastiri-mihai-voda\/\">Read more<\/a><\/div>\n<\/div>\n<\/div>\n<\/div>","protected":false},"excerpt":{"rendered":"<p>M\u00e2n\u0103stirea Mihai Vod\u0103 Unul din cele mai pre\u021bioase locuri din Bucure\u0219ti se afla acolo unde este ast\u0103zi parcul Izvor, \u00een v\u00e2rful unei coline. Dealul Spirii pe care se afla m\u0103n\u0103stirea fortificata \u00eenconjurat\u0103 de Arhivele Statului a fost demolat pentru a face loc noului centru civic, azi zona Palatului Parlamentului. Strada Ecoului nr. 50 Prin curtea&hellip; <a class=\"more-link\" href=\"https:\/\/uranusacum.ro\/en\/locuri-ale-memoriei\/\">Continue reading <span class=\"screen-reader-text\">Locuri ale memoriei<\/span><\/a><\/p>","protected":false},"author":1,"featured_media":0,"parent":0,"menu_order":0,"comment_status":"closed","ping_status":"closed","template":"","meta":{"footnotes":""},"_links":{"self":[{"href":"https:\/\/uranusacum.ro\/en\/wp-json\/wp\/v2\/pages\/113"}],"collection":[{"href":"https:\/\/uranusacum.ro\/en\/wp-json\/wp\/v2\/pages"}],"about":[{"href":"https:\/\/uranusacum.ro\/en\/wp-json\/wp\/v2\/types\/page"}],"author":[{"embeddable":true,"href":"https:\/\/uranusacum.ro\/en\/wp-json\/wp\/v2\/users\/1"}],"replies":[{"embeddable":true,"href":"https:\/\/uranusacum.ro\/en\/wp-json\/wp\/v2\/comments?post=113"}],"version-history":[{"count":42,"href":"https:\/\/uranusacum.ro\/en\/wp-json\/wp\/v2\/pages\/113\/revisions"}],"predecessor-version":[{"id":559,"href":"https:\/\/uranusacum.ro\/en\/wp-json\/wp\/v2\/pages\/113\/revisions\/559"}],"wp:attachment":[{"href":"https:\/\/uranusacum.ro\/en\/wp-json\/wp\/v2\/media?parent=113"}],"curies":[{"name":"wp","href":"https:\/\/api.w.org\/{rel}","templated":true}]}}